{"id":345,"date":"2026-09-05T09:56:17","date_gmt":"2026-09-05T07:56:17","guid":{"rendered":"https:\/\/philippenoth.ch\/wordpress\/?page_id=345"},"modified":"2026-09-05T10:17:10","modified_gmt":"2026-09-05T08:17:10","slug":"accueil","status":"publish","type":"page","link":"https:\/\/philippenoth.ch\/wordpress\/","title":{"rendered":"Accueil"},"content":{"rendered":"\n<h2 class=\"wp-block-heading\">Conseil en syst\u00e8mes d&rsquo;information<\/h2>\n\n\n\n<h3 class=\"wp-block-heading\">Comprendre les enjeux. Construire une vision. \u00c9clairer les d\u00e9cisions.<\/h3>\n\n\n\n<p class=\"wp-block-paragraph\">Les transformations des syst\u00e8mes d&rsquo;information ne sont pas seulement des projets informatiques. Elles interrogent les processus, l&rsquo;organisation, les responsabilit\u00e9s et la mani\u00e8re dont une institution souhaite travailler demain.<\/p>\n\n\n\n<p class=\"wp-block-paragraph\">Fort d&rsquo;une longue exp\u00e9rience de direction, de transformation et de conduite de projets dans des environnements publics complexes, j&rsquo;accompagne les directions et responsables dans l&rsquo;analyse de ces situations et la pr\u00e9paration de leurs d\u00e9cisions.<\/p>\n\n\n\n<p class=\"wp-block-paragraph\">J&rsquo;interviens principalement lorsque <strong>le recul, l&rsquo;exp\u00e9rience et un regard ext\u00e9rieur<\/strong> permettent de clarifier une situation complexe, de construire des orientations et de pr\u00e9parer les prochaines \u00e9tapes.<\/p>\n\n\n\n<h3 class=\"wp-block-heading\">Diagnostic et aide \u00e0 la d\u00e9cision<\/h3>\n\n\n\n<p class=\"wp-block-paragraph\">Comprendre une situation, identifier les enjeux et fournir \u00e0 la direction les \u00e9l\u00e9ments n\u00e9cessaires \u00e0 une d\u00e9cision \u00e9clair\u00e9e.<\/p>\n\n\n\n<p class=\"wp-block-paragraph\">\u2192 <em><a href=\"https:\/\/philippenoth.ch\/wordpress\/approche\/\" data-type=\"page\" data-id=\"347\">En savoir plus<\/a><\/em><\/p>\n\n\n\n<h3 class=\"wp-block-heading\">Transformation des syst\u00e8mes d&rsquo;information<\/h3>\n\n\n\n<p class=\"wp-block-paragraph\">Mettre en relation strat\u00e9gie, processus m\u00e9tier, organisation et technologie pour construire une vision r\u00e9aliste de l&rsquo;\u00e9volution souhait\u00e9e.<\/p>\n\n\n\n<p class=\"wp-block-paragraph\">\u2192 <em><a href=\"https:\/\/philippenoth.ch\/wordpress\/approche\/\" data-type=\"page\" data-id=\"347\">En savoir plus<\/a><\/em><\/p>\n\n\n\n<h3 class=\"wp-block-heading\">Facilitation et accompagnement<\/h3>\n\n\n\n<p class=\"wp-block-paragraph\">Faire travailler ensemble les acteurs concern\u00e9s afin de faire \u00e9merger une compr\u00e9hension commune et des solutions adapt\u00e9es au contexte.<\/p>\n\n\n\n<p class=\"wp-block-paragraph\">\u2192 <em><a href=\"https:\/\/philippenoth.ch\/wordpress\/approche\/\" data-type=\"page\" data-id=\"347\">D\u00e9couvrir mon approche<\/a><\/em><\/p>\n\n\n\n<hr class=\"wp-block-separator has-alpha-channel-opacity\"\/>\n\n\n\n<h2 class=\"wp-block-heading\">Conversations orient\u00e9es solution<\/h2>\n\n\n\n<p class=\"wp-block-paragraph\"><strong>Un accompagnement individuel pour regarder une situation autrement et retrouver des possibilit\u00e9s d&rsquo;action.<\/strong><\/p>\n\n\n\n<p class=\"wp-block-paragraph\">Je propose \u00e9galement des conversations individuelles aux personnes souhaitant clarifier une situation, prendre une d\u00e9cision, traverser une transition ou avancer vers un changement souhait\u00e9.<\/p>\n\n\n\n<p class=\"wp-block-paragraph\">\u2192 <strong><a href=\"https:\/\/philippenoth.ch\/wordpress\/coaching_bref\/\" data-type=\"page\" data-id=\"305\">D\u00e9couvrir les conversations orient\u00e9es solution<\/a><\/strong><\/p>\n\n\n\n<p class=\"wp-block-paragraph\"><\/p>\n","protected":false},"excerpt":{"rendered":"<p>Conseil en syst\u00e8mes d&rsquo;information Comprendre les enjeux. Construire une vision. \u00c9clairer les d\u00e9cisions. Les transformations des syst\u00e8mes d&rsquo;information ne sont pas seulement des projets informatiques. Elles interrogent les processus, l&rsquo;organisation, les responsabilit\u00e9s et la mani\u00e8re dont une institution souhaite travailler demain. Fort d&rsquo;une longue exp\u00e9rience de direction, de transformation et de conduite de projets dans [&hellip;]<\/p>\n","protected":false},"author":1,"featured_media":0,"parent":0,"menu_order":0,"comment_status":"closed","ping_status":"closed","template":"","meta":{"footnotes":""},"class_list":["post-345","page","type-page","status-publish","hentry"],"_links":{"self":[{"href":"https:\/\/philippenoth.ch\/wordpress\/wp-json\/wp\/v2\/pages\/345","targetHints":{"allow":["GET"]}}],"collection":[{"href":"https:\/\/philippenoth.ch\/wordpress\/wp-json\/wp\/v2\/pages"}],"about":[{"href":"https:\/\/philippenoth.ch\/wordpress\/wp-json\/wp\/v2\/types\/page"}],"author":[{"embeddable":true,"href":"https:\/\/philippenoth.ch\/wordpress\/wp-json\/wp\/v2\/users\/1"}],"replies":[{"embeddable":true,"href":"https:\/\/philippenoth.ch\/wordpress\/wp-json\/wp\/v2\/comments?post=345"}],"version-history":[{"count":2,"href":"https:\/\/philippenoth.ch\/wordpress\/wp-json\/wp\/v2\/pages\/345\/revisions"}],"predecessor-version":[{"id":374,"href":"https:\/\/philippenoth.ch\/wordpress\/wp-json\/wp\/v2\/pages\/345\/revisions\/374"}],"wp:attachment":[{"href":"https:\/\/philippenoth.ch\/wordpress\/wp-json\/wp\/v2\/media?parent=345"}],"curies":[{"name":"wp","href":"https:\/\/api.w.org\/{rel}","templated":true}]}}