{"id":350,"date":"2026-09-05T09:14:06","date_gmt":"2026-09-05T07:14:06","guid":{"rendered":"https:\/\/philippenoth.ch\/wordpress\/?page_id=350"},"modified":"2026-09-05T09:49:12","modified_gmt":"2026-09-05T07:49:12","slug":"experience","status":"publish","type":"page","link":"https:\/\/philippenoth.ch\/wordpress\/experience\/","title":{"rendered":"Exp\u00e9rience"},"content":{"rendered":"\n<h2 class=\"wp-block-heading\">Une exp\u00e9rience construite au c\u0153ur de syst\u00e8mes d&rsquo;information complexes<\/h2>\n\n\n\n<p class=\"wp-block-paragraph\">Mon parcours professionnel s&rsquo;est principalement construit dans des environnements institutionnels o\u00f9 les syst\u00e8mes d&rsquo;information jouent un r\u00f4le critique, notamment dans <strong>la sant\u00e9 et la justice<\/strong>.<\/p>\n\n\n\n<p class=\"wp-block-paragraph\">Au CHUV, j&rsquo;ai exerc\u00e9 durant pr\u00e8s de vingt ans des responsabilit\u00e9s dans le domaine des syst\u00e8mes d&rsquo;information m\u00e9dicaux et de l&rsquo;Application Management, jusqu&rsquo;\u00e0 diriger une division d&rsquo;une cinquantaine de collaborateurs.<\/p>\n\n\n\n<p class=\"wp-block-paragraph\">J&rsquo;ai ensuite exerc\u00e9 durant neuf ans comme directeur informatique adjoint du Tribunal f\u00e9d\u00e9ral suisse.<\/p>\n\n\n\n<p class=\"wp-block-paragraph\">Ces responsabilit\u00e9s m&rsquo;ont amen\u00e9 \u00e0 intervenir aussi bien sur la strat\u00e9gie et l&rsquo;architecture des syst\u00e8mes d&rsquo;information que sur leur transformation, la gestion de portefeuilles applicatifs, la conduite de projets, les appels d&rsquo;offres et les relations entre m\u00e9tiers, informatique, direction et fournisseurs.<\/p>\n\n\n\n<p class=\"wp-block-paragraph\">Depuis la cr\u00e9ation de Philippe Noth S\u00e0rl, j&rsquo;accompagne \u00e9galement des projets de transformation de syst\u00e8mes d&rsquo;information dans le secteur public.<\/p>\n\n\n\n<h2 class=\"wp-block-heading\">Quelques rep\u00e8res<\/h2>\n\n\n\n<p class=\"wp-block-paragraph\"><strong>20+ ans<\/strong><br>de responsabilit\u00e9s dans les syst\u00e8mes d&rsquo;information institutionnels<\/p>\n\n\n\n<p class=\"wp-block-paragraph\"><strong>50 collaborateurs<\/strong><br>dans la plus grande organisation dirig\u00e9e<\/p>\n\n\n\n<p class=\"wp-block-paragraph\"><strong>250 applications<\/strong><br>dans un portefeuille applicatif sous responsabilit\u00e9<\/p>\n\n\n\n<p class=\"wp-block-paragraph\"><strong>Sant\u00e9 \u00b7 Justice \u00b7 Administration publique<\/strong><br>une exp\u00e9rience d&rsquo;environnements institutionnels complexes<\/p>\n\n\n\n<hr class=\"wp-block-separator has-alpha-channel-opacity\"\/>\n\n\n\n<h3 class=\"wp-block-heading\">Domaines d&rsquo;exp\u00e9rience<\/h3>\n\n\n\n<p class=\"wp-block-paragraph\"><strong>Strat\u00e9gie SI \u00b7 Transformation num\u00e9rique \u00b7 Processus m\u00e9tier \u00b7 Architecture SI \u00b7 Gouvernance \u00b7 Portefeuille applicatif \u00b7 Projets complexes \u00b7 Appels d&rsquo;offres publics \u00b7 Relations m\u00e9tier\/IT\/fournisseurs \u00b7 Facilitation<\/strong><\/p>\n\n\n\n<p class=\"wp-block-paragraph\"><\/p>\n","protected":false},"excerpt":{"rendered":"<p>Une exp\u00e9rience construite au c\u0153ur de syst\u00e8mes d&rsquo;information complexes Mon parcours professionnel s&rsquo;est principalement construit dans des environnements institutionnels o\u00f9 les syst\u00e8mes d&rsquo;information jouent un r\u00f4le critique, notamment dans la sant\u00e9 et la justice. Au CHUV, j&rsquo;ai exerc\u00e9 durant pr\u00e8s de vingt ans des responsabilit\u00e9s dans le domaine des syst\u00e8mes d&rsquo;information m\u00e9dicaux et de l&rsquo;Application [&hellip;]<\/p>\n","protected":false},"author":1,"featured_media":0,"parent":0,"menu_order":0,"comment_status":"closed","ping_status":"closed","template":"page-conseil","meta":{"footnotes":""},"class_list":["post-350","page","type-page","status-publish","hentry"],"_links":{"self":[{"href":"https:\/\/philippenoth.ch\/wordpress\/wp-json\/wp\/v2\/pages\/350","targetHints":{"allow":["GET"]}}],"collection":[{"href":"https:\/\/philippenoth.ch\/wordpress\/wp-json\/wp\/v2\/pages"}],"about":[{"href":"https:\/\/philippenoth.ch\/wordpress\/wp-json\/wp\/v2\/types\/page"}],"author":[{"embeddable":true,"href":"https:\/\/philippenoth.ch\/wordpress\/wp-json\/wp\/v2\/users\/1"}],"replies":[{"embeddable":true,"href":"https:\/\/philippenoth.ch\/wordpress\/wp-json\/wp\/v2\/comments?post=350"}],"version-history":[{"count":1,"href":"https:\/\/philippenoth.ch\/wordpress\/wp-json\/wp\/v2\/pages\/350\/revisions"}],"predecessor-version":[{"id":351,"href":"https:\/\/philippenoth.ch\/wordpress\/wp-json\/wp\/v2\/pages\/350\/revisions\/351"}],"wp:attachment":[{"href":"https:\/\/philippenoth.ch\/wordpress\/wp-json\/wp\/v2\/media?parent=350"}],"curies":[{"name":"wp","href":"https:\/\/api.w.org\/{rel}","templated":true}]}}